{"id":1506,"date":"2022-03-09T14:10:09","date_gmt":"2022-03-09T14:10:09","guid":{"rendered":"https:\/\/www.expobusiberia.cominicio\/"},"modified":"2026-03-02T14:05:09","modified_gmt":"2026-03-02T14:05:09","slug":"inicio","status":"publish","type":"page","link":"https:\/\/www.expomunicipal.es\/gl\/","title":{"rendered":"Inicio"},"content":{"rendered":"\t\t<div data-elementor-type=\"wp-page\" data-elementor-id=\"1506\" class=\"elementor elementor-1506 elementor-16\">\n\t\t\t\t\t\t\t\t\t<section class=\"elementor-section elementor-top-section elementor-element elementor-element-e2a8e56 elementor-section-full_width elementor-section-height-default elementor-section-height-default\" data-id=\"e2a8e56\" data-element_type=\"section\">\n\t\t\t\t\t\t<div class=\"elementor-container elementor-column-gap-no\">\n\t\t\t\t\t<div class=\"elementor-column elementor-col-100 elementor-top-column elementor-element elementor-element-fcc65e5\" data-id=\"fcc65e5\" data-element_type=\"column\">\n\t\t\t<div class=\"elementor-widget-wrap elementor-element-populated\">\n\t\t\t\t\t\t\t\t<div class=\"elementor-element elementor-element-52e506a elementor--v-position-bottom elementor--h-position-center elementor-arrows-position-inside elementor-pagination-position-inside elementor-widget elementor-widget-slides\" data-id=\"52e506a\" data-element_type=\"widget\" data-settings=\"{&quot;transition&quot;:&quot;fade&quot;,&quot;navigation&quot;:&quot;both&quot;,&quot;autoplay&quot;:&quot;yes&quot;,&quot;autoplay_speed&quot;:5000,&quot;infinite&quot;:&quot;yes&quot;,&quot;transition_speed&quot;:500}\" data-widget_type=\"slides.default\">\n\t\t\t\t<div class=\"elementor-widget-container\">\n\t\t\t\t\t<div class=\"elementor-swiper\">\n\t\t\t<div class=\"elementor-slides-wrapper elementor-main-swiper swiper-container\" dir=\"ltr\" data-animation=\"\">\n\t\t\t\t<div class=\"swiper-wrapper elementor-slides\">\n\t\t\t\t\t\t\t\t\t\t<div class=\"elementor-repeater-item-a1d554b swiper-slide\"><div class=\"swiper-slide-bg elementor-ken-burns elementor-ken-burns--in\"><\/div><div class=\"swiper-slide-inner\" ><div class=\"swiper-slide-contents\"><div class=\"elementor-slide-description\"><div class=\"sedexpo-slide-description\">\n  <div class=\"sedexpo-slide-description-img\">\n    <img decoding=\"async\" src=\"\/wp-content\/uploads\/2022\/02\/logo_expomunicipal_x.png\" alt=\"Expomunicipal\">\n  <\/div>\n  <div class=\"sedexpo-slide-description-txt\">\n    <h5>SILLEDA - GALICIA - ESPA\u00d1A<br>25-27 de MARZO de 2026<\/h5>\n    <h1>FEIRA DE SERVIZOS MUNICIPAIS<\/h1>\n  <\/div>\n<\/div><\/div><\/div><\/div><\/div><div class=\"elementor-repeater-item-025994a swiper-slide\"><div class=\"swiper-slide-bg elementor-ken-burns elementor-ken-burns--in\"><\/div><div class=\"swiper-slide-inner\" ><div class=\"swiper-slide-contents\"><div class=\"elementor-slide-description\"><div class=\"sedexpo-slide-description\">\n  <div class=\"sedexpo-slide-description-img\">\n    <img decoding=\"async\" src=\"\/wp-content\/uploads\/2022\/02\/logo_expomunicipal_x.png\" alt=\"Expomunicipal\">\n  <\/div>\n  <div class=\"sedexpo-slide-description-txt\">\n    <h5>SILLEDA - GALICIA - ESPA\u00d1A<br>25-27 de MARZO de 2026<\/h5>\n    <h1>FEIRA DE SERVIZOS MUNICIPAIS<\/h1>\n  <\/div>\n<\/div><\/div><\/div><\/div><\/div><div class=\"elementor-repeater-item-55f89ca swiper-slide\"><div class=\"swiper-slide-bg elementor-ken-burns elementor-ken-burns--in\"><\/div><div class=\"swiper-slide-inner\" ><div class=\"swiper-slide-contents\"><div class=\"elementor-slide-description\"><div class=\"sedexpo-slide-description\">\n  <div class=\"sedexpo-slide-description-img\">\n    <img decoding=\"async\" src=\"\/wp-content\/uploads\/2022\/02\/logo_expomunicipal_x.png\" alt=\"Expomunicipal\">\n  <\/div>\n  <div class=\"sedexpo-slide-description-txt\">\n    <h5>SILLEDA - GALICIA - ESPA\u00d1A<br>25-27 de MARZO de 2026<\/h5>\n    <h1>FEIRA DE SERVIZOS MUNICIPAIS<\/h1>\n  <\/div>\n<\/div><\/div><\/div><\/div><\/div><div class=\"elementor-repeater-item-56d6ce1 swiper-slide\"><div class=\"swiper-slide-bg elementor-ken-burns elementor-ken-burns--out\"><\/div><div class=\"swiper-slide-inner\" ><div class=\"swiper-slide-contents\"><div class=\"elementor-slide-description\"><div class=\"sedexpo-slide-description\">\n  <div class=\"sedexpo-slide-description-img\">\n    <img decoding=\"async\" src=\"\/wp-content\/uploads\/2022\/02\/logo_expomunicipal_x.png\" alt=\"Expomunicipal\">\n  <\/div>\n  <div class=\"sedexpo-slide-description-txt\">\n    <h5>SILLEDA - GALICIA - ESPA\u00d1A<br>25-27 de MARZO de 2026<\/h5>\n    <h1>FEIRA DE SERVIZOS MUNICIPAIS<\/h1>\n  <\/div>\n<\/div><\/div><\/div><\/div><\/div>\t\t\t\t<\/div>\n\t\t\t\t\t\t\t\t\t\t\t\t\t\t\t<div class=\"swiper-pagination\"><\/div>\n\t\t\t\t\t\t\t\t\t\t\t\t\t\t\t\t<div class=\"elementor-swiper-button elementor-swiper-button-prev\">\n\t\t\t\t\t\t\t<i aria-hidden=\"true\" class=\"eicon-chevron-left\"><\/i>\t\t\t\t\t\t\t<span class=\"elementor-screen-only\">Previous<\/span>\n\t\t\t\t\t\t<\/div>\n\t\t\t\t\t\t<div class=\"elementor-swiper-button elementor-swiper-button-next\">\n\t\t\t\t\t\t\t<i aria-hidden=\"true\" class=\"eicon-chevron-right\"><\/i>\t\t\t\t\t\t\t<span class=\"elementor-screen-only\">Next<\/span>\n\t\t\t\t\t\t<\/div>\n\t\t\t\t\t\t\t\t\t\t\t\t<\/div>\n\t\t<\/div>\n\t\t\t\t<\/div>\n\t\t\t\t<\/div>\n\t\t\t\t\t<\/div>\n\t\t<\/div>\n\t\t\t\t\t\t\t<\/div>\n\t\t<\/section>\n\t\t\t\t<section class=\"elementor-section elementor-top-section elementor-element elementor-element-94c6f51 elementor-section-boxed elementor-section-height-default elementor-section-height-default\" data-id=\"94c6f51\" data-element_type=\"section\">\n\t\t\t\t\t\t<div class=\"elementor-container elementor-column-gap-default\">\n\t\t\t\t\t<div class=\"elementor-column elementor-col-100 elementor-top-column elementor-element elementor-element-c886fc2\" data-id=\"c886fc2\" data-element_type=\"column\">\n\t\t\t<div class=\"elementor-widget-wrap elementor-element-populated\">\n\t\t\t\t\t\t\t\t<div class=\"elementor-element elementor-element-3a83dad elementor-invisible elementor-widget elementor-widget-image\" data-id=\"3a83dad\" data-element_type=\"widget\" data-settings=\"{&quot;_animation&quot;:&quot;fadeInUp&quot;,&quot;_animation_delay&quot;:100,&quot;_animation_tablet&quot;:&quot;none&quot;}\" data-widget_type=\"image.default\">\n\t\t\t\t<div class=\"elementor-widget-container\">\n\t\t\t\t\t\t\t\t\t\t\t\t\t\t\t\t<a href=\"https:\/\/www.turismo.gal\/\" target=\"_blank\">\n\t\t\t\t\t\t\t<img loading=\"lazy\" decoding=\"async\" width=\"768\" height=\"65\" src=\"https:\/\/www.expomunicipal.es\/wp-content\/uploads\/2026\/02\/xunta-galicia-calidade-xacobeo-768x65-1-1.png\" class=\"attachment-medium_large size-medium_large wp-image-4220\" alt=\"\" srcset=\"https:\/\/www.expomunicipal.es\/wp-content\/uploads\/2026\/02\/xunta-galicia-calidade-xacobeo-768x65-1-1.png 768w, https:\/\/www.expomunicipal.es\/wp-content\/uploads\/2026\/02\/xunta-galicia-calidade-xacobeo-768x65-1-1-300x25.png 300w\" sizes=\"auto, (max-width: 768px) 100vw, 768px\" \/>\t\t\t\t\t\t\t\t<\/a>\n\t\t\t\t\t\t\t\t\t\t\t\t\t\t\t<\/div>\n\t\t\t\t<\/div>\n\t\t\t\t<div class=\"elementor-element elementor-element-079768b elementor-invisible elementor-widget elementor-widget-image\" data-id=\"079768b\" data-element_type=\"widget\" data-settings=\"{&quot;_animation&quot;:&quot;fadeInUp&quot;,&quot;_animation_delay&quot;:100,&quot;_animation_tablet&quot;:&quot;none&quot;}\" data-widget_type=\"image.default\">\n\t\t\t\t<div class=\"elementor-widget-container\">\n\t\t\t\t\t\t\t\t\t\t\t\t\t\t\t<img decoding=\"async\" src=\"https:\/\/www.expomunicipal.es\/wp-content\/uploads\/elementor\/thumbs\/logo_expomunicipal_c-qicr2fkaoft7hcc4iwcqsapdegzx5pbowdhwymn2rg.png\" title=\"logo_expomunicipal_c.png\" alt=\"logo_expomunicipal_c.png\" loading=\"lazy\" \/>\t\t\t\t\t\t\t\t\t\t\t\t\t\t\t<\/div>\n\t\t\t\t<\/div>\n\t\t\t\t<div class=\"elementor-element elementor-element-4d627d0 elementor-invisible elementor-widget elementor-widget-heading\" data-id=\"4d627d0\" data-element_type=\"widget\" data-settings=\"{&quot;_animation&quot;:&quot;fadeInUp&quot;,&quot;_animation_delay&quot;:100,&quot;_animation_tablet&quot;:&quot;none&quot;}\" data-widget_type=\"heading.default\">\n\t\t\t\t<div class=\"elementor-widget-container\">\n\t\t\t<h2 class=\"elementor-heading-title elementor-size-default\">ExpoMunicipal 2026<\/h2>\t\t<\/div>\n\t\t\t\t<\/div>\n\t\t\t\t<div class=\"elementor-element elementor-element-647fc85 elementor-invisible elementor-widget elementor-widget-heading\" data-id=\"647fc85\" data-element_type=\"widget\" data-settings=\"{&quot;_animation&quot;:&quot;fadeInUp&quot;,&quot;_animation_delay&quot;:100,&quot;_animation_tablet&quot;:&quot;none&quot;}\" data-widget_type=\"heading.default\">\n\t\t\t\t<div class=\"elementor-widget-container\">\n\t\t\t<h5 class=\"elementor-heading-title elementor-size-default\">II Feira de Servizos Municipais<\/h5>\t\t<\/div>\n\t\t\t\t<\/div>\n\t\t\t\t<div class=\"elementor-element elementor-element-cb9fbfe elementor-hidden-desktop elementor-hidden-tablet elementor-hidden-mobile elementor-widget elementor-widget-heading\" data-id=\"cb9fbfe\" data-element_type=\"widget\" data-widget_type=\"heading.default\">\n\t\t\t\t<div class=\"elementor-widget-container\">\n\t\t\t<h4 class=\"elementor-heading-title elementor-size-default\"><a href=\"https:\/\/www.expomunicipal.es\/catalogo_expositores_expomunicipal_2024.pdf\" target=\"_blank\">CAT\u00c1LOGO de EXPOSITORES en formato pdf \n(Incl\u00fae programa e plano)<\/a><\/h4>\t\t<\/div>\n\t\t\t\t<\/div>\n\t\t\t\t\t<\/div>\n\t\t<\/div>\n\t\t\t\t\t\t\t<\/div>\n\t\t<\/section>\n\t\t\t\t<section class=\"elementor-section elementor-top-section elementor-element elementor-element-c9c7c4d elementor-section-full_width elementor-section-height-min-height elementor-section-items-stretch elementor-section-height-default\" data-id=\"c9c7c4d\" data-element_type=\"section\">\n\t\t\t\t\t\t<div class=\"elementor-container elementor-column-gap-no\">\n\t\t\t\t\t<div class=\"elementor-column elementor-col-50 elementor-top-column elementor-element elementor-element-1966d82 elementor-invisible\" data-id=\"1966d82\" data-element_type=\"column\" data-settings=\"{&quot;animation&quot;:&quot;fadeInLeft&quot;,&quot;animation_delay&quot;:100,&quot;animation_tablet&quot;:&quot;none&quot;}\">\n\t\t\t<div class=\"elementor-widget-wrap elementor-element-populated\">\n\t\t\t\t\t\t\t\t<div class=\"elementor-element elementor-element-ca55423 elementor-widget__width-initial elementor-widget-tablet__width-inherit elementor-widget elementor-widget-text-editor\" data-id=\"ca55423\" data-element_type=\"widget\" data-widget_type=\"text-editor.default\">\n\t\t\t\t<div class=\"elementor-widget-container\">\n\t\t\t\t\t\t\t<p><span style=\"color: var( --e-global-color-text ); font-size: 1.1rem; letter-spacing: -0.3px; background-color: var(--base-3);\">Tr\u00e1tase dun <\/span><b style=\"color: var( --e-global-color-text ); font-size: 1.1rem; letter-spacing: -0.3px; background-color: var(--base-3);\">novo certame co que a Feira Internacional de Galicia ABANCA<\/b><span style=\"color: var( --e-global-color-text ); font-size: 1.1rem; letter-spacing: -0.3px; background-color: var(--base-3);\"> quere dar resposta \u00e1s necesidades e retos dos municipios e entidades territoriais ante o actual escenario social, o cal esixe cidades m\u00e1is sostibles, eficientes, accesibles, seguras e verdes, ademais do cumprimento da Axenda 2030.<\/span><\/p><p><span style=\"color: var( --e-global-color-text ); font-size: 1.1rem; letter-spacing: -0.3px; background-color: var(--base-3);\">As\u00ed, conv\u00e9rtese nunha cita esencial para que as Administraci\u00f3ns Locais co\u00f1ezan todas as soluci\u00f3ns que as empresas ofrecen para satisfacer as necesidades dos seus cidad\u00e1ns e contribu\u00edr \u00e1 s\u00faa calidade de vida. Ademais, ser\u00e1 un foro de reflexi\u00f3n e debate sobre temas de m\u00e1xima actualidade no \u00e1mbito da xesti\u00f3n municipal.<\/span><\/p><p><span style=\"color: var( --e-global-color-text ); font-size: 1.1rem; letter-spacing: -0.3px; background-color: var(--base-3);\">Todo iso <b>co valor engadido de celebrarse de forma paralela a\u00a0<\/b><\/span><a href=\"https:\/\/www.enerxetika.com\/\" target=\"_blank\" rel=\"noopener\"><b>Enerx\u00e9tika 2026<\/b><\/a><span style=\"color: var( --e-global-color-text ); font-size: 1.1rem; letter-spacing: -0.3px; background-color: var(--base-3);\">, unha feira que volver\u00e1 ser referente no sector enerx\u00e9tico na s\u00faa cuarta edici\u00f3n e coa que se crear\u00e1n interesantes sinerx\u00edas.\u00a0<\/span><\/p>\t\t\t\t\t\t<\/div>\n\t\t\t\t<\/div>\n\t\t\t\t\t<\/div>\n\t\t<\/div>\n\t\t\t\t<div class=\"elementor-column elementor-col-50 elementor-top-column elementor-element elementor-element-6704476 elementor-invisible\" data-id=\"6704476\" data-element_type=\"column\" data-settings=\"{&quot;background_background&quot;:&quot;classic&quot;,&quot;animation&quot;:&quot;fadeInRight&quot;,&quot;animation_delay&quot;:100,&quot;animation_tablet&quot;:&quot;none&quot;}\">\n\t\t\t<div class=\"elementor-widget-wrap elementor-element-populated\">\n\t\t\t\t\t\t\t\t<div class=\"elementor-element elementor-element-92b4e27 elementor-hidden-desktop elementor-widget elementor-widget-spacer\" data-id=\"92b4e27\" data-element_type=\"widget\" data-widget_type=\"spacer.default\">\n\t\t\t\t<div class=\"elementor-widget-container\">\n\t\t\t\t\t<div class=\"elementor-spacer\">\n\t\t\t<div class=\"elementor-spacer-inner\"><\/div>\n\t\t<\/div>\n\t\t\t\t<\/div>\n\t\t\t\t<\/div>\n\t\t\t\t\t<\/div>\n\t\t<\/div>\n\t\t\t\t\t\t\t<\/div>\n\t\t<\/section>\n\t\t\t\t<section class=\"elementor-section elementor-top-section elementor-element elementor-element-af705fa elementor-section-boxed elementor-section-height-default elementor-section-height-default\" data-id=\"af705fa\" data-element_type=\"section\" data-settings=\"{&quot;background_background&quot;:&quot;gradient&quot;}\">\n\t\t\t\t\t\t<div class=\"elementor-container elementor-column-gap-wide\">\n\t\t\t\t\t<div class=\"elementor-column elementor-col-25 elementor-top-column elementor-element elementor-element-6d5b8c5 elementor-invisible\" data-id=\"6d5b8c5\" data-element_type=\"column\" data-settings=\"{&quot;animation&quot;:&quot;fadeInLeft&quot;,&quot;animation_delay&quot;:100,&quot;animation_tablet&quot;:&quot;none&quot;}\">\n\t\t\t<div class=\"elementor-widget-wrap elementor-element-populated\">\n\t\t\t\t\t\t\t\t<div class=\"elementor-element elementor-element-3d204ff elementor-view-default elementor-mobile-position-top elementor-vertical-align-top elementor-widget elementor-widget-icon-box\" data-id=\"3d204ff\" data-element_type=\"widget\" data-widget_type=\"icon-box.default\">\n\t\t\t\t<div class=\"elementor-widget-container\">\n\t\t\t\t\t<div class=\"elementor-icon-box-wrapper\">\n\t\t\t\t\t\t<div class=\"elementor-icon-box-icon\">\n\t\t\t\t<span class=\"elementor-icon elementor-animation-\" >\n\t\t\t\t<i aria-hidden=\"true\" class=\"far fa-calendar-alt\"><\/i>\t\t\t\t<\/span>\n\t\t\t<\/div>\n\t\t\t\t\t\t<div class=\"elementor-icon-box-content\">\n\t\t\t\t<h3 class=\"elementor-icon-box-title\">\n\t\t\t\t\t<span  >\n\t\t\t\t\t\tDATAS\t\t\t\t\t<\/span>\n\t\t\t\t<\/h3>\n\t\t\t\t\t\t\t\t\t<p class=\"elementor-icon-box-description\">\n\t\t\t\t\t\t25-27 de marzo 2026. <br>Gratuito, previa inscrici\u00f3n.\t\t\t\t\t<\/p>\n\t\t\t\t\t\t\t<\/div>\n\t\t<\/div>\n\t\t\t\t<\/div>\n\t\t\t\t<\/div>\n\t\t\t\t\t<\/div>\n\t\t<\/div>\n\t\t\t\t<div class=\"elementor-column elementor-col-25 elementor-top-column elementor-element elementor-element-d051b50 elementor-invisible\" data-id=\"d051b50\" data-element_type=\"column\" data-settings=\"{&quot;animation&quot;:&quot;fadeInLeft&quot;,&quot;animation_delay&quot;:300,&quot;animation_tablet&quot;:&quot;none&quot;}\">\n\t\t\t<div class=\"elementor-widget-wrap elementor-element-populated\">\n\t\t\t\t\t\t\t\t<div class=\"elementor-element elementor-element-192805e elementor-view-default elementor-mobile-position-top elementor-vertical-align-top elementor-widget elementor-widget-icon-box\" data-id=\"192805e\" data-element_type=\"widget\" data-widget_type=\"icon-box.default\">\n\t\t\t\t<div class=\"elementor-widget-container\">\n\t\t\t\t\t<div class=\"elementor-icon-box-wrapper\">\n\t\t\t\t\t\t<div class=\"elementor-icon-box-icon\">\n\t\t\t\t<span class=\"elementor-icon elementor-animation-\" >\n\t\t\t\t<i aria-hidden=\"true\" class=\"far fa-user-circle\"><\/i>\t\t\t\t<\/span>\n\t\t\t<\/div>\n\t\t\t\t\t\t<div class=\"elementor-icon-box-content\">\n\t\t\t\t<h3 class=\"elementor-icon-box-title\">\n\t\t\t\t\t<span  >\n\t\t\t\t\t\tPerfil\t\t\t\t\t<\/span>\n\t\t\t\t<\/h3>\n\t\t\t\t\t\t\t\t\t<p class=\"elementor-icon-box-description\">\n\t\t\t\t\t\tProfesional e <r>p\u00fablico xeral.<\/r>\t\t\t\t\t<\/p>\n\t\t\t\t\t\t\t<\/div>\n\t\t<\/div>\n\t\t\t\t<\/div>\n\t\t\t\t<\/div>\n\t\t\t\t\t<\/div>\n\t\t<\/div>\n\t\t\t\t<div class=\"elementor-column elementor-col-25 elementor-top-column elementor-element elementor-element-73a5977 elementor-invisible\" data-id=\"73a5977\" data-element_type=\"column\" data-settings=\"{&quot;animation&quot;:&quot;fadeInLeft&quot;,&quot;animation_delay&quot;:500,&quot;animation_tablet&quot;:&quot;none&quot;}\">\n\t\t\t<div class=\"elementor-widget-wrap elementor-element-populated\">\n\t\t\t\t\t\t\t\t<div class=\"elementor-element elementor-element-46826e5 elementor-view-default elementor-mobile-position-top elementor-vertical-align-top elementor-widget elementor-widget-icon-box\" data-id=\"46826e5\" data-element_type=\"widget\" data-widget_type=\"icon-box.default\">\n\t\t\t\t<div class=\"elementor-widget-container\">\n\t\t\t\t\t<div class=\"elementor-icon-box-wrapper\">\n\t\t\t\t\t\t<div class=\"elementor-icon-box-icon\">\n\t\t\t\t<span class=\"elementor-icon elementor-animation-\" >\n\t\t\t\t<i aria-hidden=\"true\" class=\"fas fa-map-marker-alt\"><\/i>\t\t\t\t<\/span>\n\t\t\t<\/div>\n\t\t\t\t\t\t<div class=\"elementor-icon-box-content\">\n\t\t\t\t<h3 class=\"elementor-icon-box-title\">\n\t\t\t\t\t<span  >\n\t\t\t\t\t\tLocalizaci\u00f3n\t\t\t\t\t<\/span>\n\t\t\t\t<\/h3>\n\t\t\t\t\t\t\t\t\t<p class=\"elementor-icon-box-description\">\n\t\t\t\t\t\tFeira Internacional de Galicia.<br> Abanca - Silleda\n(cerca de Santiago de Compostela \u2013 Espa\u00f1a).\t\t\t\t\t<\/p>\n\t\t\t\t\t\t\t<\/div>\n\t\t<\/div>\n\t\t\t\t<\/div>\n\t\t\t\t<\/div>\n\t\t\t\t\t<\/div>\n\t\t<\/div>\n\t\t\t\t<div class=\"elementor-column elementor-col-25 elementor-top-column elementor-element elementor-element-a5fecf2 elementor-invisible\" data-id=\"a5fecf2\" data-element_type=\"column\" data-settings=\"{&quot;animation&quot;:&quot;fadeInLeft&quot;,&quot;animation_delay&quot;:700,&quot;animation_tablet&quot;:&quot;none&quot;}\">\n\t\t\t<div class=\"elementor-widget-wrap elementor-element-populated\">\n\t\t\t\t\t\t\t\t<div class=\"elementor-element elementor-element-39ce57b elementor-view-default elementor-mobile-position-top elementor-vertical-align-top elementor-widget elementor-widget-icon-box\" data-id=\"39ce57b\" data-element_type=\"widget\" data-widget_type=\"icon-box.default\">\n\t\t\t\t<div class=\"elementor-widget-container\">\n\t\t\t\t\t<div class=\"elementor-icon-box-wrapper\">\n\t\t\t\t\t\t<div class=\"elementor-icon-box-icon\">\n\t\t\t\t<span class=\"elementor-icon elementor-animation-\" >\n\t\t\t\t<i aria-hidden=\"true\" class=\"far fa-star\"><\/i>\t\t\t\t<\/span>\n\t\t\t<\/div>\n\t\t\t\t\t\t<div class=\"elementor-icon-box-content\">\n\t\t\t\t<h3 class=\"elementor-icon-box-title\">\n\t\t\t\t\t<span  >\n\t\t\t\t\t\tAcceso\t\t\t\t\t<\/span>\n\t\t\t\t<\/h3>\n\t\t\t\t\t\t\t\t\t<p class=\"elementor-icon-box-description\">\n\t\t\t\t\t\tGratu\u00edto previa inscrici\u00f3n.<br>Horario:<br>M\u00e9rcores e xoves<br>de 10:00 a 19:00 horas<br>venres de 10:00 a 15:00 horas\t\t\t\t\t<\/p>\n\t\t\t\t\t\t\t<\/div>\n\t\t<\/div>\n\t\t\t\t<\/div>\n\t\t\t\t<\/div>\n\t\t\t\t\t<\/div>\n\t\t<\/div>\n\t\t\t\t\t\t\t<\/div>\n\t\t<\/section>\n\t\t\t\t<section class=\"elementor-section elementor-top-section elementor-element elementor-element-7d79f7e elementor-section-boxed elementor-section-height-default elementor-section-height-default\" data-id=\"7d79f7e\" data-element_type=\"section\">\n\t\t\t\t\t\t<div class=\"elementor-container elementor-column-gap-default\">\n\t\t\t\t\t<div class=\"elementor-column elementor-col-100 elementor-top-column elementor-element elementor-element-14cbe64\" data-id=\"14cbe64\" data-element_type=\"column\">\n\t\t\t<div class=\"elementor-widget-wrap elementor-element-populated\">\n\t\t\t\t\t\t\t\t<div class=\"elementor-element elementor-element-fc2e632 elementor-invisible elementor-widget elementor-widget-image\" data-id=\"fc2e632\" data-element_type=\"widget\" data-settings=\"{&quot;_animation&quot;:&quot;fadeInUp&quot;,&quot;_animation_delay&quot;:100,&quot;_animation_tablet&quot;:&quot;none&quot;}\" data-widget_type=\"image.default\">\n\t\t\t\t<div class=\"elementor-widget-container\">\n\t\t\t\t\t\t\t\t\t\t\t\t\t\t\t<img decoding=\"async\" src=\"https:\/\/www.expomunicipal.es\/wp-content\/uploads\/elementor\/thumbs\/logo_expomunicipal_c-qicr2fkaoft7hcc4iwcqsapdegzx5pbowdhwymn2rg.png\" title=\"logo_expomunicipal_c.png\" alt=\"logo_expomunicipal_c.png\" loading=\"lazy\" \/>\t\t\t\t\t\t\t\t\t\t\t\t\t\t\t<\/div>\n\t\t\t\t<\/div>\n\t\t\t\t<div class=\"elementor-element elementor-element-a6d4e49 sedexpo-heading-underline elementor-invisible elementor-widget elementor-widget-heading\" data-id=\"a6d4e49\" data-element_type=\"widget\" data-settings=\"{&quot;_animation&quot;:&quot;fadeInUp&quot;,&quot;_animation_delay&quot;:100,&quot;_animation_tablet&quot;:&quot;none&quot;}\" data-widget_type=\"heading.default\">\n\t\t\t\t<div class=\"elementor-widget-container\">\n\t\t\t<h2 class=\"elementor-heading-title elementor-size-default\">Queres acompa\u00f1arnos como expositor?<\/h2>\t\t<\/div>\n\t\t\t\t<\/div>\n\t\t\t\t\t<\/div>\n\t\t<\/div>\n\t\t\t\t\t\t\t<\/div>\n\t\t<\/section>\n\t\t\t\t<section class=\"elementor-section elementor-top-section elementor-element elementor-element-966c95a elementor-section-full_width elementor-section-height-min-height elementor-section-items-stretch elementor-reverse-tablet elementor-reverse-mobile elementor-section-height-default\" data-id=\"966c95a\" data-element_type=\"section\">\n\t\t\t\t\t\t<div class=\"elementor-container elementor-column-gap-no\">\n\t\t\t\t\t<div class=\"elementor-column elementor-col-50 elementor-top-column elementor-element elementor-element-7d72d01 elementor-invisible\" data-id=\"7d72d01\" data-element_type=\"column\" data-settings=\"{&quot;background_background&quot;:&quot;classic&quot;,&quot;animation&quot;:&quot;fadeInLeft&quot;,&quot;animation_delay&quot;:100,&quot;animation_tablet&quot;:&quot;none&quot;}\">\n\t\t\t<div class=\"elementor-widget-wrap elementor-element-populated\">\n\t\t\t\t\t\t\t\t<div class=\"elementor-element elementor-element-78df0f2 elementor-hidden-desktop elementor-widget elementor-widget-spacer\" data-id=\"78df0f2\" data-element_type=\"widget\" data-widget_type=\"spacer.default\">\n\t\t\t\t<div class=\"elementor-widget-container\">\n\t\t\t\t\t<div class=\"elementor-spacer\">\n\t\t\t<div class=\"elementor-spacer-inner\"><\/div>\n\t\t<\/div>\n\t\t\t\t<\/div>\n\t\t\t\t<\/div>\n\t\t\t\t\t<\/div>\n\t\t<\/div>\n\t\t\t\t<div class=\"elementor-column elementor-col-50 elementor-top-column elementor-element elementor-element-4f6ede9 elementor-invisible\" data-id=\"4f6ede9\" data-element_type=\"column\" data-settings=\"{&quot;animation&quot;:&quot;fadeInRight&quot;,&quot;animation_delay&quot;:100,&quot;animation_tablet&quot;:&quot;none&quot;}\">\n\t\t\t<div class=\"elementor-widget-wrap elementor-element-populated\">\n\t\t\t\t\t\t\t\t<div class=\"elementor-element elementor-element-f6def38 elementor-widget-tablet__width-inherit elementor-widget elementor-widget-heading\" data-id=\"f6def38\" data-element_type=\"widget\" data-widget_type=\"heading.default\">\n\t\t\t\t<div class=\"elementor-widget-container\">\n\t\t\t<h3 class=\"elementor-heading-title elementor-size-default\">ExpoMunicipal 2026 ser\u00e1 unha magn\u00edfica oportunidade de negocio para a t\u00faa empresa! <\/h3>\t\t<\/div>\n\t\t\t\t<\/div>\n\t\t\t\t<div class=\"elementor-element elementor-element-6c5369a elementor-widget-tablet__width-inherit elementor-widget elementor-widget-text-editor\" data-id=\"6c5369a\" data-element_type=\"widget\" data-widget_type=\"text-editor.default\">\n\t\t\t\t<div class=\"elementor-widget-container\">\n\t\t\t\t\t\t\t<p>Formar\u00e1s parte dun gran punto de encontro onde estar\u00e1n representados todos os sectores relacionados co desenvolvemento territorial e as s\u00faas principais empresas, conformando unha cita imprescindible.<\/p>\t\t\t\t\t\t<\/div>\n\t\t\t\t<\/div>\n\t\t\t\t<div class=\"elementor-element elementor-element-f7dc86d elementor-widget-tablet__width-inherit elementor-icon-list--layout-traditional elementor-list-item-link-full_width elementor-widget elementor-widget-icon-list\" data-id=\"f7dc86d\" data-element_type=\"widget\" data-widget_type=\"icon-list.default\">\n\t\t\t\t<div class=\"elementor-widget-container\">\n\t\t\t\t\t<ul class=\"elementor-icon-list-items\">\n\t\t\t\t\t\t\t<li class=\"elementor-icon-list-item\">\n\t\t\t\t\t\t\t\t\t\t\t<a href=\"https:\/\/www.expomunicipal.es\/gl\/expositores\/#sectores\">\n\n\t\t\t\t\t\t\t\t\t\t\t\t<span class=\"elementor-icon-list-icon\">\n\t\t\t\t\t\t\t<i aria-hidden=\"true\" class=\"fas fa-angle-right\"><\/i>\t\t\t\t\t\t<\/span>\n\t\t\t\t\t\t\t\t\t\t<span class=\"elementor-icon-list-text\">CO\u00d1ECE OS SECTORES DA FEIRA<\/span>\n\t\t\t\t\t\t\t\t\t\t\t<\/a>\n\t\t\t\t\t\t\t\t\t<\/li>\n\t\t\t\t\t\t<\/ul>\n\t\t\t\t<\/div>\n\t\t\t\t<\/div>\n\t\t\t\t\t<\/div>\n\t\t<\/div>\n\t\t\t\t\t\t\t<\/div>\n\t\t<\/section>\n\t\t\t\t<section class=\"elementor-section elementor-top-section elementor-element elementor-element-bedfad5 elementor-section-boxed elementor-section-height-default elementor-section-height-default\" data-id=\"bedfad5\" data-element_type=\"section\">\n\t\t\t\t\t\t<div class=\"elementor-container elementor-column-gap-default\">\n\t\t\t\t\t<div class=\"elementor-column elementor-col-100 elementor-top-column elementor-element elementor-element-0080a20\" data-id=\"0080a20\" data-element_type=\"column\">\n\t\t\t<div class=\"elementor-widget-wrap elementor-element-populated\">\n\t\t\t\t\t\t\t\t<div class=\"elementor-element elementor-element-e82ec55 sedexpo-heading-underline elementor-invisible elementor-widget elementor-widget-heading\" data-id=\"e82ec55\" data-element_type=\"widget\" data-settings=\"{&quot;_animation&quot;:&quot;fadeInUp&quot;,&quot;_animation_delay&quot;:100,&quot;_animation_tablet&quot;:&quot;none&quot;}\" data-widget_type=\"heading.default\">\n\t\t\t\t<div class=\"elementor-widget-container\">\n\t\t\t<h2 class=\"elementor-heading-title elementor-size-default\">ActualidadE da feIra<\/h2>\t\t<\/div>\n\t\t\t\t<\/div>\n\t\t\t\t<div class=\"elementor-element elementor-element-4a79bd4 elementor-grid-3 elementor-grid-tablet-2 elementor-grid-mobile-1 elementor-posts--thumbnail-top elementor-card-shadow-yes elementor-posts__hover-gradient elementor-invisible elementor-widget elementor-widget-posts\" data-id=\"4a79bd4\" data-element_type=\"widget\" data-settings=\"{&quot;_animation&quot;:&quot;fadeInUp&quot;,&quot;_animation_delay&quot;:100,&quot;_animation_tablet&quot;:&quot;none&quot;,&quot;cards_columns&quot;:&quot;3&quot;,&quot;cards_columns_tablet&quot;:&quot;2&quot;,&quot;cards_columns_mobile&quot;:&quot;1&quot;,&quot;cards_row_gap&quot;:{&quot;unit&quot;:&quot;px&quot;,&quot;size&quot;:35,&quot;sizes&quot;:[]},&quot;cards_row_gap_tablet&quot;:{&quot;unit&quot;:&quot;px&quot;,&quot;size&quot;:&quot;&quot;,&quot;sizes&quot;:[]},&quot;cards_row_gap_mobile&quot;:{&quot;unit&quot;:&quot;px&quot;,&quot;size&quot;:&quot;&quot;,&quot;sizes&quot;:[]}}\" data-widget_type=\"posts.cards\">\n\t\t\t\t<div class=\"elementor-widget-container\">\n\t\t\t\t\t<div class=\"elementor-posts-container elementor-posts elementor-posts--skin-cards elementor-grid\">\n\t\t\t\t<article class=\"elementor-post elementor-grid-item post-4322 post type-post status-publish format-standard has-post-thumbnail hentry category-uncategorized-gl\">\n\t\t\t<div class=\"elementor-post__card\">\n\t\t\t\t<a class=\"elementor-post__thumbnail__link\" href=\"https:\/\/www.expomunicipal.es\/gl\/la-xunta-pone-en-valor-la-consolidacion-de-las-ferias-expomunicipal-y-enerxetika-como-el-mejor-escaparate-de-las-ultimas-innovaciones-para-los-servicios-municipales-y-el-sector-energetico\/\" ><div class=\"elementor-post__thumbnail\"><img loading=\"lazy\" decoding=\"async\" width=\"2273\" height=\"1279\" src=\"https:\/\/www.expomunicipal.es\/wp-content\/uploads\/2026\/03\/IMG_20260325_160745.jpg\" class=\"attachment-full size-full wp-image-4320\" alt=\"\" srcset=\"https:\/\/www.expomunicipal.es\/wp-content\/uploads\/2026\/03\/IMG_20260325_160745.jpg 2273w, https:\/\/www.expomunicipal.es\/wp-content\/uploads\/2026\/03\/IMG_20260325_160745-300x169.jpg 300w, https:\/\/www.expomunicipal.es\/wp-content\/uploads\/2026\/03\/IMG_20260325_160745-1024x576.jpg 1024w, https:\/\/www.expomunicipal.es\/wp-content\/uploads\/2026\/03\/IMG_20260325_160745-768x432.jpg 768w, https:\/\/www.expomunicipal.es\/wp-content\/uploads\/2026\/03\/IMG_20260325_160745-1536x864.jpg 1536w, https:\/\/www.expomunicipal.es\/wp-content\/uploads\/2026\/03\/IMG_20260325_160745-2048x1152.jpg 2048w\" sizes=\"auto, (max-width: 2273px) 100vw, 2273px\" \/><\/div><\/a>\n\t\t\t\t<div class=\"elementor-post__text\">\n\t\t\t\t<h3 class=\"elementor-post__title\">\n\t\t\t<a href=\"https:\/\/www.expomunicipal.es\/gl\/la-xunta-pone-en-valor-la-consolidacion-de-las-ferias-expomunicipal-y-enerxetika-como-el-mejor-escaparate-de-las-ultimas-innovaciones-para-los-servicios-municipales-y-el-sector-energetico\/\" >\n\t\t\t\tA Xunta pon en valor a consolidaci\u00f3n das feiras \u2018Expomunicipal\u2019 e \u2018Enerx\u00e9tika\u2019 como o mellor escaparate das \u00faltimas innovaci\u00f3ns para os servizos municipais e o sector enerx\u00e9tico\t\t\t<\/a>\n\t\t<\/h3>\n\t\t\t\t<div class=\"elementor-post__excerpt\">\n\t\t\t<p>O conselleiro de Presidencia, Xustiza e Deportes, Diego Calvo, participou na inauguraci\u00f3n da dobre cita feiral que re\u00fane desde hoxe ata o venres a profesionais,<\/p>\n\t\t<\/div>\n\t\t\n\t\t<a class=\"elementor-post__read-more\" href=\"https:\/\/www.expomunicipal.es\/gl\/la-xunta-pone-en-valor-la-consolidacion-de-las-ferias-expomunicipal-y-enerxetika-como-el-mejor-escaparate-de-las-ultimas-innovaciones-para-los-servicios-municipales-y-el-sector-energetico\/\" aria-label=\"Read more about A Xunta pon en valor a consolidaci\u00f3n das feiras \u2018Expomunicipal\u2019 e \u2018Enerx\u00e9tika\u2019 como o mellor escaparate das \u00faltimas innovaci\u00f3ns para os servizos municipais e o sector enerx\u00e9tico\" >\n\t\t\tLer m\u00e1is \u00bb\t\t<\/a>\n\n\t\t\t\t<\/div>\n\t\t\t\t<div class=\"elementor-post__meta-data\">\n\t\t\t\t\t<span class=\"elementor-post-date\">\n\t\t\t25 de Marzo de 2026\t\t<\/span>\n\t\t\t\t<\/div>\n\t\t\t\t\t<\/div>\n\t\t<\/article>\n\t\t\t\t<article class=\"elementor-post elementor-grid-item post-4304 post type-post status-publish format-standard has-post-thumbnail hentry category-uncategorized-gl\">\n\t\t\t<div class=\"elementor-post__card\">\n\t\t\t\t<a class=\"elementor-post__thumbnail__link\" href=\"https:\/\/www.expomunicipal.es\/gl\/la-xunta-presenta-las-nuevas-ediciones-de-expomunicipal-2026-y-enerxetika-que-acercaran-soluciones-para-prestar-servicios-municipales-de-calidad-a-las-entidades-locales-y-las-ultimas-innovacio\/\" ><div class=\"elementor-post__thumbnail\"><img loading=\"lazy\" decoding=\"async\" width=\"2560\" height=\"1564\" src=\"https:\/\/www.expomunicipal.es\/wp-content\/uploads\/2026\/03\/20260323DXALPresentacionExpomunicipalEnerxetika-1-scaled.jpeg\" class=\"attachment-full size-full wp-image-4302\" alt=\"\" srcset=\"https:\/\/www.expomunicipal.es\/wp-content\/uploads\/2026\/03\/20260323DXALPresentacionExpomunicipalEnerxetika-1-scaled.jpeg 2560w, https:\/\/www.expomunicipal.es\/wp-content\/uploads\/2026\/03\/20260323DXALPresentacionExpomunicipalEnerxetika-1-300x183.jpeg 300w, https:\/\/www.expomunicipal.es\/wp-content\/uploads\/2026\/03\/20260323DXALPresentacionExpomunicipalEnerxetika-1-1024x625.jpeg 1024w, https:\/\/www.expomunicipal.es\/wp-content\/uploads\/2026\/03\/20260323DXALPresentacionExpomunicipalEnerxetika-1-768x469.jpeg 768w, https:\/\/www.expomunicipal.es\/wp-content\/uploads\/2026\/03\/20260323DXALPresentacionExpomunicipalEnerxetika-1-1536x938.jpeg 1536w, https:\/\/www.expomunicipal.es\/wp-content\/uploads\/2026\/03\/20260323DXALPresentacionExpomunicipalEnerxetika-1-2048x1251.jpeg 2048w\" sizes=\"auto, (max-width: 2560px) 100vw, 2560px\" \/><\/div><\/a>\n\t\t\t\t<div class=\"elementor-post__text\">\n\t\t\t\t<h3 class=\"elementor-post__title\">\n\t\t\t<a href=\"https:\/\/www.expomunicipal.es\/gl\/la-xunta-presenta-las-nuevas-ediciones-de-expomunicipal-2026-y-enerxetika-que-acercaran-soluciones-para-prestar-servicios-municipales-de-calidad-a-las-entidades-locales-y-las-ultimas-innovacio\/\" >\n\t\t\t\tA Xunta presenta as novas edici\u00f3ns de \u2018Expomunicipal 2026\u2019 e \u2018Enerx\u00e9tika\u2019 que achegar\u00e1n soluci\u00f3ns para prestar servizos municipais de calidade \u00e1s entidades locais e as \u00faltimas innovaci\u00f3ns no \u00e1mbito da enerx\u00eda\t\t\t<\/a>\n\t\t<\/h3>\n\t\t\t\t<div class=\"elementor-post__excerpt\">\n\t\t\t<p>A directora xeral de Administraci\u00f3n Local, Natalia Prieto, e o director xeral de Planificaci\u00f3n Enerx\u00e9tica e Minas, Pablo Fern\u00e1ndez Vilas, presentaron xunto co director da<\/p>\n\t\t<\/div>\n\t\t\n\t\t<a class=\"elementor-post__read-more\" href=\"https:\/\/www.expomunicipal.es\/gl\/la-xunta-presenta-las-nuevas-ediciones-de-expomunicipal-2026-y-enerxetika-que-acercaran-soluciones-para-prestar-servicios-municipales-de-calidad-a-las-entidades-locales-y-las-ultimas-innovacio\/\" aria-label=\"Read more about A Xunta presenta as novas edici\u00f3ns de \u2018Expomunicipal 2026\u2019 e \u2018Enerx\u00e9tika\u2019 que achegar\u00e1n soluci\u00f3ns para prestar servizos municipais de calidade \u00e1s entidades locais e as \u00faltimas innovaci\u00f3ns no \u00e1mbito da enerx\u00eda\" >\n\t\t\tLer m\u00e1is \u00bb\t\t<\/a>\n\n\t\t\t\t<\/div>\n\t\t\t\t<div class=\"elementor-post__meta-data\">\n\t\t\t\t\t<span class=\"elementor-post-date\">\n\t\t\t23 de Marzo de 2026\t\t<\/span>\n\t\t\t\t<\/div>\n\t\t\t\t\t<\/div>\n\t\t<\/article>\n\t\t\t\t<article class=\"elementor-post elementor-grid-item post-4275 post type-post status-publish format-standard has-post-thumbnail hentry category-uncategorized-gl\">\n\t\t\t<div class=\"elementor-post__card\">\n\t\t\t\t<a class=\"elementor-post__thumbnail__link\" href=\"https:\/\/www.expomunicipal.es\/gl\/del-parque-a-la-huerta-urbana-expomunicipal-2026-analiza-novedades-y-retos-en-la-gestion-de-espacios-verdes-de-los-municipios\/\" ><div class=\"elementor-post__thumbnail\"><img loading=\"lazy\" decoding=\"async\" width=\"2560\" height=\"1441\" src=\"https:\/\/www.expomunicipal.es\/wp-content\/uploads\/2026\/03\/DSC06288-scaled.jpg\" class=\"attachment-full size-full wp-image-4273\" alt=\"\" srcset=\"https:\/\/www.expomunicipal.es\/wp-content\/uploads\/2026\/03\/DSC06288-scaled.jpg 2560w, https:\/\/www.expomunicipal.es\/wp-content\/uploads\/2026\/03\/DSC06288-300x169.jpg 300w, https:\/\/www.expomunicipal.es\/wp-content\/uploads\/2026\/03\/DSC06288-1024x577.jpg 1024w, https:\/\/www.expomunicipal.es\/wp-content\/uploads\/2026\/03\/DSC06288-768x432.jpg 768w, https:\/\/www.expomunicipal.es\/wp-content\/uploads\/2026\/03\/DSC06288-1536x865.jpg 1536w, https:\/\/www.expomunicipal.es\/wp-content\/uploads\/2026\/03\/DSC06288-2048x1153.jpg 2048w\" sizes=\"auto, (max-width: 2560px) 100vw, 2560px\" \/><\/div><\/a>\n\t\t\t\t<div class=\"elementor-post__text\">\n\t\t\t\t<h3 class=\"elementor-post__title\">\n\t\t\t<a href=\"https:\/\/www.expomunicipal.es\/gl\/del-parque-a-la-huerta-urbana-expomunicipal-2026-analiza-novedades-y-retos-en-la-gestion-de-espacios-verdes-de-los-municipios\/\" >\n\t\t\t\tDo parque \u00e1 horta urbana, ExpoMunicipal 2026 analiza novidades e retos na xesti\u00f3n de espazos verdes dos municipios\t\t\t<\/a>\n\t\t<\/h3>\n\t\t\t\t<div class=\"elementor-post__excerpt\">\n\t\t\t<p>SER\u00c1 EN VARIAS XORNADAS T\u00c9CNICAS QUE SE DESENVOLVER\u00c1N AO LONGO DO CERTAME, O CAL SE CELEBRAR\u00c1 DO 25 AO 27 DE MARZO NO RECINTO FEIRA<\/p>\n\t\t<\/div>\n\t\t\n\t\t<a class=\"elementor-post__read-more\" href=\"https:\/\/www.expomunicipal.es\/gl\/del-parque-a-la-huerta-urbana-expomunicipal-2026-analiza-novedades-y-retos-en-la-gestion-de-espacios-verdes-de-los-municipios\/\" aria-label=\"Read more about Do parque \u00e1 horta urbana, ExpoMunicipal 2026 analiza novidades e retos na xesti\u00f3n de espazos verdes dos municipios\" >\n\t\t\tLer m\u00e1is \u00bb\t\t<\/a>\n\n\t\t\t\t<\/div>\n\t\t\t\t<div class=\"elementor-post__meta-data\">\n\t\t\t\t\t<span class=\"elementor-post-date\">\n\t\t\t16 de Marzo de 2026\t\t<\/span>\n\t\t\t\t<\/div>\n\t\t\t\t\t<\/div>\n\t\t<\/article>\n\t\t\t\t<\/div>\n\t\t\n\t\t\t\t<\/div>\n\t\t\t\t<\/div>\n\t\t\t\t\t<\/div>\n\t\t<\/div>\n\t\t\t\t\t\t\t<\/div>\n\t\t<\/section>\n\t\t\t\t\t\t\t<\/div>\n\t\t","protected":false},"excerpt":{"rendered":"<p>SILLEDA &#8211; GALICIA &#8211; ESPA\u00d1A25-27 de MARZO de 2026 FEIRA DE SERVIZOS MUNICIPAIS SILLEDA &#8211; GALICIA &#8211; ESPA\u00d1A25-27 de MARZO de 2026 FEIRA DE SERVIZOS MUNICIPAIS SILLEDA &#8211; GALICIA &#8211; ESPA\u00d1A25-27 de MARZO de 2026 FEIRA DE SERVIZOS MUNICIPAIS SILLEDA &#8211; GALICIA &#8211; ESPA\u00d1A25-27 de MARZO de 2026 FEIRA DE SERVIZOS MUNICIPAIS Previous Next ExpoMunicipal &#8230; <a title=\"Do parque \u00e1 horta urbana, ExpoMunicipal 2026 analiza novidades e retos na xesti\u00f3n de espazos verdes dos municipios\" class=\"read-more\" href=\"https:\/\/www.expomunicipal.es\/gl\/del-parque-a-la-huerta-urbana-expomunicipal-2026-analiza-novedades-y-retos-en-la-gestion-de-espacios-verdes-de-los-municipios\/\" aria-label=\"M\u00e1is en Do parque \u00e1 horta urbana, ExpoMunicipal 2026 analiza novidades e retos na xesti\u00f3n de espazos verdes dos municipios\">Ler m\u00e1is<\/a><\/p>\n","protected":false},"author":1,"featured_media":0,"parent":0,"menu_order":0,"comment_status":"closed","ping_status":"closed","template":"elementor_header_footer","meta":{"footnotes":""},"class_list":["post-1506","page","type-page","status-publish","hentry"],"acf":[],"yoast_head":"<!-- This site is optimized with the Yoast SEO plugin v20.4 - https:\/\/yoast.com\/wordpress\/plugins\/seo\/ -->\n<title>ExpoMunicipal 2026<\/title>\n<meta name=\"description\" content=\"Feira de Servizos Municipais. Silleda 25-27 de marzo de 2026\" \/>\n<meta name=\"robots\" content=\"index, follow, max-snippet:-1, max-image-preview:large, max-video-preview:-1\" \/>\n<link rel=\"canonical\" href=\"https:\/\/www.expomunicipal.es\/gl\/\" \/>\n<meta property=\"og:locale\" content=\"gl_ES\" \/>\n<meta property=\"og:type\" content=\"article\" \/>\n<meta property=\"og:title\" content=\"ExpoMunicipal 2026\" \/>\n<meta property=\"og:description\" content=\"Feira de Servizos Municipais. Silleda 25-27 de marzo de 2026\" \/>\n<meta property=\"og:url\" content=\"https:\/\/www.expomunicipal.es\/gl\/\" \/>\n<meta property=\"og:site_name\" content=\"EXPOMUNICIPAL\" \/>\n<meta property=\"article:publisher\" content=\"https:\/\/www.facebook.com\/feriaSEDEXPO\" \/>\n<meta property=\"article:modified_time\" content=\"2026-03-02T14:05:09+00:00\" \/>\n<meta property=\"og:image\" content=\"https:\/\/www.expomunicipal.es\/wp-content\/uploads\/2026\/02\/xunta-galicia-calidade-xacobeo-768x65-1-1.png\" \/>\n<meta name=\"twitter:card\" content=\"summary_large_image\" \/>\n<meta name=\"twitter:site\" content=\"@feriasedexpo\" \/>\n<meta name=\"twitter:label1\" content=\"Tempo de lectura\" \/>\n\t<meta name=\"twitter:data1\" content=\"8 minutos\" \/>\n<script type=\"application\/ld+json\" class=\"yoast-schema-graph\">{\"@context\":\"https:\/\/schema.org\",\"@graph\":[{\"@type\":\"WebPage\",\"@id\":\"https:\/\/www.expomunicipal.es\/gl\/\",\"url\":\"https:\/\/www.expomunicipal.es\/gl\/\",\"name\":\"ExpoMunicipal 2026\",\"isPartOf\":{\"@id\":\"https:\/\/www.expomunicipal.es\/gl\/#website\"},\"datePublished\":\"2022-03-09T14:10:09+00:00\",\"dateModified\":\"2026-03-02T14:05:09+00:00\",\"description\":\"Feira de Servizos Municipais. Silleda 25-27 de marzo de 2026\",\"breadcrumb\":{\"@id\":\"https:\/\/www.expomunicipal.es\/gl\/#breadcrumb\"},\"inLanguage\":\"gl-ES\",\"potentialAction\":[{\"@type\":\"ReadAction\",\"target\":[\"https:\/\/www.expomunicipal.es\/gl\/\"]}]},{\"@type\":\"BreadcrumbList\",\"@id\":\"https:\/\/www.expomunicipal.es\/gl\/#breadcrumb\",\"itemListElement\":[{\"@type\":\"ListItem\",\"position\":1,\"name\":\"Portada\",\"item\":\"https:\/\/www.expomunicipal.es\/gl\/\"},{\"@type\":\"ListItem\",\"position\":2,\"name\":\"Inicio\"}]},{\"@type\":\"WebSite\",\"@id\":\"https:\/\/www.expomunicipal.es\/gl\/#website\",\"url\":\"https:\/\/www.expomunicipal.es\/gl\/\",\"name\":\"EXPOMUNICIPAL\",\"description\":\"Feria de Servicios Municipales\",\"publisher\":{\"@id\":\"https:\/\/www.expomunicipal.es\/gl\/#organization\"},\"potentialAction\":[{\"@type\":\"SearchAction\",\"target\":{\"@type\":\"EntryPoint\",\"urlTemplate\":\"https:\/\/www.expomunicipal.es\/gl\/?s={search_term_string}\"},\"query-input\":\"required name=search_term_string\"}],\"inLanguage\":\"gl-ES\"},{\"@type\":\"Organization\",\"@id\":\"https:\/\/www.expomunicipal.es\/gl\/#organization\",\"name\":\"SEDEXPO\",\"url\":\"https:\/\/www.expomunicipal.es\/gl\/\",\"logo\":{\"@type\":\"ImageObject\",\"inLanguage\":\"gl-ES\",\"@id\":\"https:\/\/www.expomunicipal.es\/gl\/#\/schema\/logo\/image\/\",\"url\":\"https:\/\/www.expobusiberia.comwp-content\/uploads\/2022\/02\/sedexpo-logo.png\",\"contentUrl\":\"https:\/\/www.expobusiberia.comwp-content\/uploads\/2022\/02\/sedexpo-logo.png\",\"width\":556,\"height\":556,\"caption\":\"SEDEXPO\"},\"image\":{\"@id\":\"https:\/\/www.expomunicipal.es\/gl\/#\/schema\/logo\/image\/\"},\"sameAs\":[\"https:\/\/www.facebook.com\/feriaSEDEXPO\",\"https:\/\/twitter.com\/feriasedexpo\",\"https:\/\/es.linkedin.com\/company\/sedexpo\"]}]}<\/script>\n<!-- \/ Yoast SEO plugin. -->","yoast_head_json":{"title":"ExpoMunicipal 2026","description":"Feira de Servizos Municipais. Silleda 25-27 de marzo de 2026","robots":{"index":"index","follow":"follow","max-snippet":"max-snippet:-1","max-image-preview":"max-image-preview:large","max-video-preview":"max-video-preview:-1"},"canonical":"https:\/\/www.expomunicipal.es\/gl\/","og_locale":"gl_ES","og_type":"article","og_title":"ExpoMunicipal 2026","og_description":"Feira de Servizos Municipais. Silleda 25-27 de marzo de 2026","og_url":"https:\/\/www.expomunicipal.es\/gl\/","og_site_name":"EXPOMUNICIPAL","article_publisher":"https:\/\/www.facebook.com\/feriaSEDEXPO","article_modified_time":"2026-03-02T14:05:09+00:00","og_image":[{"url":"https:\/\/www.expomunicipal.es\/wp-content\/uploads\/2026\/02\/xunta-galicia-calidade-xacobeo-768x65-1-1.png"}],"twitter_card":"summary_large_image","twitter_site":"@feriasedexpo","twitter_misc":{"Tempo de lectura":"8 minutos"},"schema":{"@context":"https:\/\/schema.org","@graph":[{"@type":"WebPage","@id":"https:\/\/www.expomunicipal.es\/gl\/","url":"https:\/\/www.expomunicipal.es\/gl\/","name":"ExpoMunicipal 2026","isPartOf":{"@id":"https:\/\/www.expomunicipal.es\/gl\/#website"},"datePublished":"2022-03-09T14:10:09+00:00","dateModified":"2026-03-02T14:05:09+00:00","description":"Feira de Servizos Municipais. Silleda 25-27 de marzo de 2026","breadcrumb":{"@id":"https:\/\/www.expomunicipal.es\/gl\/#breadcrumb"},"inLanguage":"gl-ES","potentialAction":[{"@type":"ReadAction","target":["https:\/\/www.expomunicipal.es\/gl\/"]}]},{"@type":"BreadcrumbList","@id":"https:\/\/www.expomunicipal.es\/gl\/#breadcrumb","itemListElement":[{"@type":"ListItem","position":1,"name":"Portada","item":"https:\/\/www.expomunicipal.es\/gl\/"},{"@type":"ListItem","position":2,"name":"Inicio"}]},{"@type":"WebSite","@id":"https:\/\/www.expomunicipal.es\/gl\/#website","url":"https:\/\/www.expomunicipal.es\/gl\/","name":"EXPOMUNICIPAL","description":"Feria de Servicios Municipales","publisher":{"@id":"https:\/\/www.expomunicipal.es\/gl\/#organization"},"potentialAction":[{"@type":"SearchAction","target":{"@type":"EntryPoint","urlTemplate":"https:\/\/www.expomunicipal.es\/gl\/?s={search_term_string}"},"query-input":"required name=search_term_string"}],"inLanguage":"gl-ES"},{"@type":"Organization","@id":"https:\/\/www.expomunicipal.es\/gl\/#organization","name":"SEDEXPO","url":"https:\/\/www.expomunicipal.es\/gl\/","logo":{"@type":"ImageObject","inLanguage":"gl-ES","@id":"https:\/\/www.expomunicipal.es\/gl\/#\/schema\/logo\/image\/","url":"https:\/\/www.expobusiberia.comwp-content\/uploads\/2022\/02\/sedexpo-logo.png","contentUrl":"https:\/\/www.expobusiberia.comwp-content\/uploads\/2022\/02\/sedexpo-logo.png","width":556,"height":556,"caption":"SEDEXPO"},"image":{"@id":"https:\/\/www.expomunicipal.es\/gl\/#\/schema\/logo\/image\/"},"sameAs":["https:\/\/www.facebook.com\/feriaSEDEXPO","https:\/\/twitter.com\/feriasedexpo","https:\/\/es.linkedin.com\/company\/sedexpo"]}]}},"_links":{"self":[{"href":"https:\/\/www.expomunicipal.es\/gl\/wp-json\/wp\/v2\/pages\/1506","targetHints":{"allow":["GET"]}}],"collection":[{"href":"https:\/\/www.expomunicipal.es\/gl\/wp-json\/wp\/v2\/pages"}],"about":[{"href":"https:\/\/www.expomunicipal.es\/gl\/wp-json\/wp\/v2\/types\/page"}],"author":[{"embeddable":true,"href":"https:\/\/www.expomunicipal.es\/gl\/wp-json\/wp\/v2\/users\/1"}],"replies":[{"embeddable":true,"href":"https:\/\/www.expomunicipal.es\/gl\/wp-json\/wp\/v2\/comments?post=1506"}],"version-history":[{"count":60,"href":"https:\/\/www.expomunicipal.es\/gl\/wp-json\/wp\/v2\/pages\/1506\/revisions"}],"predecessor-version":[{"id":4235,"href":"https:\/\/www.expomunicipal.es\/gl\/wp-json\/wp\/v2\/pages\/1506\/revisions\/4235"}],"wp:attachment":[{"href":"https:\/\/www.expomunicipal.es\/gl\/wp-json\/wp\/v2\/media?parent=1506"}],"curies":[{"name":"wp","href":"https:\/\/api.w.org\/{rel}","templated":true}]}}